{"version":"1.0","provider_name":"Birgit Itse - Be Inspired","provider_url":"https:\/\/birgit-itse.com\/et","title":"Ciara, Dennis, Ellen ja teised n\u00e4dalavahetuse k\u00fclalised\ud83c\udf0a - Birgit Itse - Be Inspired","type":"rich","width":600,"height":338,"html":"<blockquote class=\"wp-embedded-content\" data-secret=\"oNrd1ekYsW\"><a href=\"https:\/\/birgit-itse.com\/et\/ciara-dennis-ellen-ja-teised-nadalavahetuse-kulalised%f0%9f%8c%8a\/\">Ciara, Dennis, Ellen ja teised n\u00e4dalavahetuse k\u00fclalised\ud83c\udf0a<\/a><\/blockquote><iframe sandbox=\"allow-scripts\" security=\"restricted\" src=\"https:\/\/birgit-itse.com\/et\/ciara-dennis-ellen-ja-teised-nadalavahetuse-kulalised%f0%9f%8c%8a\/embed\/#?secret=oNrd1ekYsW\" width=\"600\" height=\"338\" title=\"&#8220;Ciara, Dennis, Ellen ja teised n\u00e4dalavahetuse k\u00fclalised\ud83c\udf0a&#8221; &#8212; Birgit Itse - Be Inspired\" data-secret=\"oNrd1ekYsW\" frameborder=\"0\" marginwidth=\"0\" marginheight=\"0\" scrolling=\"no\" class=\"wp-embedded-content\"><\/iframe><script>\n\/*! This file is auto-generated *\/\n!function(d,l){\"use strict\";l.querySelector&&d.addEventListener&&\"undefined\"!=typeof URL&&(d.wp=d.wp||{},d.wp.receiveEmbedMessage||(d.wp.receiveEmbedMessage=function(e){var t=e.data;if((t||t.secret||t.message||t.value)&&!\/[^a-zA-Z0-9]\/.test(t.secret)){for(var s,r,n,a=l.querySelectorAll('iframe[data-secret=\"'+t.secret+'\"]'),o=l.querySelectorAll('blockquote[data-secret=\"'+t.secret+'\"]'),c=new RegExp(\"^https?:$\",\"i\"),i=0;i<o.length;i++)o[i].style.display=\"none\";for(i=0;i<a.length;i++)s=a[i],e.source===s.contentWindow&&(s.removeAttribute(\"style\"),\"height\"===t.message?(1e3<(r=parseInt(t.value,10))?r=1e3:~~r<200&&(r=200),s.height=r):\"link\"===t.message&&(r=new URL(s.getAttribute(\"src\")),n=new URL(t.value),c.test(n.protocol))&&n.host===r.host&&l.activeElement===s&&(d.top.location.href=t.value))}},d.addEventListener(\"message\",d.wp.receiveEmbedMessage,!1),l.addEventListener(\"DOMContentLoaded\",function(){for(var e,t,s=l.querySelectorAll(\"iframe.wp-embedded-content\"),r=0;r<s.length;r++)(t=(e=s[r]).getAttribute(\"data-secret\"))||(t=Math.random().toString(36).substring(2,12),e.src+=\"#?secret=\"+t,e.setAttribute(\"data-secret\",t)),e.contentWindow.postMessage({message:\"ready\",secret:t},\"*\")},!1)))}(window,document);\n\/\/# sourceURL=https:\/\/birgit-itse.com\/wp-includes\/js\/wp-embed.min.js\n<\/script>","description":"T\u00e4na siis teemal, mis m\u00f5nes m\u00f5ttes on v\u00e4ga oluline teema, teisalt j\u00e4lle mitte nii v\u00e4ga, sest kohalikud on selliste ilman\u00e4htustega harjunud. Tormid.\ud83c\udf0a\ud83c\udf0a\ud83c\udf0aKui meie Aberdeenis saime eelmisel n\u00e4dalavahetusel nautida p\u00e4evast p\u00e4ikesepaistet ning v\u00f5imsaid P\u00f5hjamere laineid, siis mujal tegi Ciara ikka m\u00e4rkimisv\u00e4\u00e4rset pahandust. Suurema saju sai endale Kesk-ja L\u00f5una-\u0160otimaa, kus murdusid puud, olid suured \u00fcleujutused ning tormituuled [&hellip;]","thumbnail_url":"https:\/\/1.bp.blogspot.com\/-032Zn-OKTcs\/XkaWwJ0utEI\/AAAAAAAAN0Y\/a_acpvMPUTAJ5rD0qId8xDsy9WDKbRvfwCLcBGAsYHQ\/s320\/20200208_114859.jpg"}